{"id":1516,"date":"2021-08-23T06:52:43","date_gmt":"2021-08-23T06:52:43","guid":{"rendered":"https:\/\/baediciones.com\/illustrated-storybooks\/"},"modified":"2022-06-06T12:38:40","modified_gmt":"2022-06-06T12:38:40","slug":"illustrated-storybooks","status":"publish","type":"page","link":"https:\/\/baediciones.com\/en\/illustrated-storybooks\/","title":{"rendered":"Illustrated Storybooks"},"content":{"rendered":"<p>[et_pb_section fb_built=&#8221;1&#8243; admin_label=&#8221;Cabecera seccion&#8221; _builder_version=&#8221;4.16&#8243; use_background_color_gradient=&#8221;on&#8221; background_color_gradient_direction=&#8221;90deg&#8221; background_color_gradient_stops=&#8221;#d5dcae 30%|rgba(99,104,101,0) 100%&#8221; background_color_gradient_overlays_image=&#8221;on&#8221; background_color_gradient_start=&#8221;#d5dcae&#8221; background_color_gradient_start_position=&#8221;30%&#8221; background_color_gradient_end=&#8221;rgba(99,104,101,0)&#8221; background_image=&#8221;https:\/\/baediciones.com\/wp-content\/uploads\/21-08-25-bannerweb-scaled.jpg&#8221; background_position=&#8221;top_center&#8221; custom_margin=&#8221;|||&#8221; custom_padding=&#8221;4%|0px|4%|0px|false|false&#8221; collapsed=&#8221;on&#8221; global_colors_info=&#8221;{}&#8221;][et_pb_row custom_padding_last_edited=&#8221;off|desktop&#8221; admin_label=&#8221;Hero Area&#8221; _builder_version=&#8221;4.16&#8243; custom_margin=&#8221;|auto||180px|false|false&#8221; custom_margin_tablet=&#8221;|||40px|false|false&#8221; custom_margin_phone=&#8221;|||20px|false|false&#8221; custom_margin_last_edited=&#8221;on|phone&#8221; custom_padding=&#8221;27px|0px|0px|0px&#8221; global_colors_info=&#8221;{}&#8221;][et_pb_column type=&#8221;4_4&#8243; _builder_version=&#8221;4.16&#8243; custom_padding=&#8221;|||&#8221; global_colors_info=&#8221;{}&#8221; custom_padding__hover=&#8221;|||&#8221;][et_pb_text admin_label=&#8221;Hero Title&#8221; _builder_version=&#8221;4.16&#8243; text_font=&#8221;Playfair Display||||||||&#8221; header_font=&#8221;Alice||||||||&#8221; header_font_size=&#8221;100px&#8221; header_line_height=&#8221;1.1em&#8221; animation_style=&#8221;slide&#8221; animation_direction=&#8221;left&#8221; animation_intensity_slide=&#8221;5%&#8221; animation_starting_opacity=&#8221;100%&#8221; text_font_size_last_edited=&#8221;off|desktop&#8221; header_font_size_tablet=&#8221;40px&#8221; header_font_size_phone=&#8221;30px&#8221; header_font_size_last_edited=&#8221;on|phone&#8221; global_colors_info=&#8221;{}&#8221;]<\/p>\n<h1>Illustrated Storybooks<\/h1>\n<p>[\/et_pb_text][et_pb_text _builder_version=&#8221;4.16&#8243; text_font=&#8221;||||||||&#8221; text_font_size=&#8221;18px&#8221; text_line_height=&#8221;1.8em&#8221; header_font=&#8221;||||||||&#8221; max_width=&#8221;100%&#8221; custom_margin=&#8221;|-285px||||&#8221; custom_padding=&#8221;|0px|10px|||&#8221; animation_style=&#8221;slide&#8221; animation_direction=&#8221;left&#8221; animation_intensity_slide=&#8221;5%&#8221; animation_starting_opacity=&#8221;100%&#8221; global_colors_info=&#8221;{}&#8221;]<\/p>\n<p>Our illustrated storybooks are a selection of little gems from great storytellers. Ra\u00fal Borr\u00e1s San Le\u00f3n and Juvitina Gal\u00e1n inaugurate it. The family grows.<\/p>\n<p>[\/et_pb_text][\/et_pb_column][\/et_pb_row][\/et_pb_section][et_pb_section fb_built=&#8221;1&#8243; admin_label=&#8221;Nuestros cuentos: titulo&#8221; _builder_version=&#8221;4.16&#8243; background_enable_color=&#8221;off&#8221; background_enable_image=&#8221;off&#8221; background_size=&#8221;contain&#8221; background_position=&#8221;bottom_center&#8221; custom_padding=&#8221;0px|0px|0px|0px||&#8221; collapsed=&#8221;off&#8221; global_colors_info=&#8221;{}&#8221;][et_pb_row admin_label=&#8221;Title Area&#8221; _builder_version=&#8221;4.16&#8243; custom_padding=&#8221;|||&#8221; locked=&#8221;off&#8221; global_colors_info=&#8221;{}&#8221;][et_pb_column type=&#8221;4_4&#8243; _builder_version=&#8221;4.16&#8243; custom_padding=&#8221;|||&#8221; global_colors_info=&#8221;{}&#8221; custom_padding__hover=&#8221;|||&#8221;][et_pb_text admin_label=&#8221;Title&#8221; _builder_version=&#8221;4.16&#8243; text_font=&#8221;||||||||&#8221; header_font=&#8221;||||||||&#8221; header_2_font=&#8221;Alice||||||||&#8221; header_2_text_align=&#8221;center&#8221; header_2_font_size=&#8221;42px&#8221; header_2_line_height=&#8221;1.3em&#8221; custom_margin=&#8221;||20px|&#8221; animation_style=&#8221;slide&#8221; animation_direction=&#8221;top&#8221; animation_intensity_slide=&#8221;30%&#8221; animation_starting_opacity=&#8221;100%&#8221; header_2_font_size_tablet=&#8221;30px&#8221; header_2_font_size_phone=&#8221;20px&#8221; header_2_font_size_last_edited=&#8221;on|phone&#8221; global_colors_info=&#8221;{}&#8221;]<\/p>\n<h2>Our tales<\/h2>\n<p>[\/et_pb_text][et_pb_divider color=&#8221;#2a2a2a&#8221; divider_weight=&#8221;3px&#8221; _builder_version=&#8221;4.16&#8243; max_width=&#8221;50px&#8221; module_alignment=&#8221;center&#8221; custom_margin=&#8221;||10px|&#8221; animation_style=&#8221;slide&#8221; animation_direction=&#8221;top&#8221; animation_intensity_slide=&#8221;30%&#8221; animation_starting_opacity=&#8221;100%&#8221; global_colors_info=&#8221;{}&#8221;][\/et_pb_divider][\/et_pb_column][\/et_pb_row][\/et_pb_section][et_pb_section fb_built=&#8221;1&#8243; disabled_on=&#8221;off|off|off&#8221; admin_label=&#8221;Grid de cuentos&#8221; _builder_version=&#8221;4.16&#8243; custom_padding=&#8221;5px|||||&#8221; collapsed=&#8221;off&#8221; global_colors_info=&#8221;{}&#8221;][et_pb_row make_equal=&#8221;on&#8221; disabled_on=&#8221;off|off|off&#8221; _builder_version=&#8221;4.17.0&#8243; background_color=&#8221;rgba(79,133,110,0.45)&#8221; global_colors_info=&#8221;{}&#8221;][et_pb_column type=&#8221;4_4&#8243; _builder_version=&#8221;4.16&#8243; global_colors_info=&#8221;{}&#8221;][et_pb_cta button_text=&#8221;Buy&#8221; _builder_version=&#8221;4.17.0&#8243; header_font=&#8221;Alice|700|||||||&#8221; header_text_align=&#8221;center&#8221; header_text_color=&#8221;#4c4c4c&#8221; body_text_align=&#8221;left&#8221; body_text_color=&#8221;#4c4c4c&#8221; body_font_size=&#8221;16px&#8221; background_enable_color=&#8221;off&#8221; custom_button=&#8221;on&#8221; button_text_size=&#8221;15px&#8221; button_text_color=&#8221;#ffffff&#8221; button_bg_color=&#8221;#4f856e&#8221; button_border_width=&#8221;12px&#8221; button_border_color=&#8221;#4f856e&#8221; button_border_radius=&#8221;100px&#8221; button_letter_spacing=&#8221;3px&#8221; button_font=&#8221;Montserrat|700||on|||||&#8221; button_use_icon=&#8221;off&#8221; button_alignment=&#8221;center&#8221; text_orientation=&#8221;left&#8221; custom_margin=&#8221;||0px|||&#8221; link_option_url_new_window=&#8221;on&#8221; global_colors_info=&#8221;{}&#8221;]<\/p>\n<p style=\"text-align: center;\"><img loading=\"lazy\" decoding=\"async\" src=\"https:\/\/baediciones.com\/wp-content\/uploads\/22-05-09-cubierta-susi-BAEd-300x300.jpg\" alt=\"\" class=\"wp-image-2188 alignnone size-medium\" width=\"300\" height=\"300\"><\/p>\n<h2>Susi, l&#8217;atrevida, i els pantalons. By Juvitina Gal\u00e1n.<\/h2>\n<p style=\"text-align: left;\">Although it sounds incredible, for decades, the women of many towns in our country did not wear pants; because the social norm censored it.<\/p>\n<p style=\"text-align: left;\">This story is based on real events. Susi is a fun and sensitive person, observant and creative, sensible and daring.<\/p>\n<p style=\"text-align: left;\"><em>Encara que semble incre\u00efble, durant d\u00e8cades, les dones de molts pobles del nostre pa\u00eds no vestien pantalons; perqu\u00e8 la norma social ho censurava.<\/em><\/p>\n<p style=\"text-align: left;\"><em>Aquesta hist\u00f2ria est\u00e0 basada en fets reals. Susi \u00e9s una persona divertida i sensible, observadora i creativa, sensata i atrevida.<\/em><\/p>\n<p style=\"text-align: left;\"><strong>About the author<\/strong><\/p>\n<blockquote>\n<p>Woman, graphic artist and Early Childhood Teacher in a cooperative school for more than 30 years; that&#8217;s why she has restless hands. She is currently a Pedagogical Advisor for Ninos nursery schools and a member of the collective of plastic artists ARTEENRED. She has been part of the Pedagogical Renewal Movement \u2015Comarques centrals\u2015 and has been the winner of the First Prize for Didactic Materials from the Ministry of Education.<\/p>\n<p>&nbsp;<\/p>\n<p>&nbsp;<\/p>\n<p><em>Dona, artista gr\u00e0fica i Mestra d\u2019infantil en una escola cooperativa, durant m\u00e9s de 30 anys; per aix\u00f2 t\u00e9 les mans inquietes. Actualment es Assessora Pedag\u00f2gica de les escoles infantils Ninos i membre del col\u00b7lectiu d&#8217;artistes pl\u00e0stic ARTEENRED. Ha format part del Moviment de Renovaci\u00f3 Pedag\u00f2gica \u2015Comarques centrals\u2015 i guanyadora del Primer Premi de Materials Did\u00e0ctics de la Conselleria d\u2019Educaci\u00f3.<\/em><\/p>\n<\/blockquote>\n<p>[\/et_pb_cta][et_pb_button button_text=&#8221;Available in Spain bookstores&#8221; button_alignment=&#8221;center&#8221; _builder_version=&#8221;4.17.0&#8243; _module_preset=&#8221;default&#8221; custom_button=&#8221;on&#8221; button_text_size=&#8221;15px&#8221; button_bg_color=&#8221;#4f856e&#8221; button_border_width=&#8221;12px&#8221; button_border_color=&#8221;#4f856e&#8221; button_border_radius=&#8221;100px&#8221; button_letter_spacing=&#8221;3px&#8221; button_font=&#8221;Montserrat|700||on|||||&#8221; button_use_icon=&#8221;off&#8221; background_layout=&#8221;dark&#8221; custom_margin=&#8221;0px||0px||false|false&#8221; global_colors_info=&#8221;{}&#8221;][\/et_pb_button][\/et_pb_column][\/et_pb_row][et_pb_row make_equal=&#8221;on&#8221; _builder_version=&#8221;4.16&#8243; global_colors_info=&#8221;{}&#8221;][et_pb_column type=&#8221;4_4&#8243; _builder_version=&#8221;4.16&#8243; global_colors_info=&#8221;{}&#8221;][et_pb_cta button_url=&#8221;https:\/\/baediciones.com\/en\/buy\/#carcoma&#8221; button_text=&#8221;Buy&#8221; _builder_version=&#8221;4.17.0&#8243; header_font=&#8221;Alice|700|||||||&#8221; header_text_align=&#8221;center&#8221; header_text_color=&#8221;#4c4c4c&#8221; body_text_align=&#8221;left&#8221; body_text_color=&#8221;#4c4c4c&#8221; body_font_size=&#8221;16px&#8221; background_color=&#8221;rgba(79,133,110,0.45)&#8221; custom_button=&#8221;on&#8221; button_text_size=&#8221;15px&#8221; button_text_color=&#8221;#ffffff&#8221; button_bg_color=&#8221;#4f856e&#8221; button_border_width=&#8221;12px&#8221; button_border_color=&#8221;#4f856e&#8221; button_border_radius=&#8221;100px&#8221; button_letter_spacing=&#8221;3px&#8221; button_font=&#8221;Montserrat|700||on|||||&#8221; button_use_icon=&#8221;off&#8221; button_alignment=&#8221;center&#8221; text_orientation=&#8221;left&#8221; link_option_url_new_window=&#8221;on&#8221; global_colors_info=&#8221;{}&#8221;]<\/p>\n<p style=\"text-align: center;\"><img loading=\"lazy\" decoding=\"async\" src=\"https:\/\/baediciones.com\/wp-content\/uploads\/Carcoma_front-300x300.jpg\" alt=\"\" class=\"wp-image-1508 alignnone size-medium\" width=\"300\" height=\"300\"><\/p>\n<h2>La carcoma Manola23. By Ra\u00fal Borr\u00e1s San Le\u00f3n.<\/h2>\n<p style=\"text-align: center;\">La carcoma Manola23 is thirsty for the world and the rocking chair is too small for her. Freedom is a hilarious adventure in this tale told with infinite tenderness and humor. Discover the journey of a woodworm with her mite friend to help a bird to find its way. Ra\u00fal Borr\u00e1s San Le\u00f3n, author of the historical novel Esclavos del honor, by Ediciones B, surprises us with this children&#8217;s story. Pia Lahti illustrates it with a cheerful Nordic style.<\/p>\n<p style=\"text-align: left;\"><strong>About the author<\/strong><\/p>\n<blockquote>\n<p><span><a href=\"http:\/\/raulborrassanleon.com\/\" target=\"_blank\" rel=\"noopener\">Ra\u00fal Borr\u00e1s San Le\u00f3n<\/a> (Valencia, 1974). Married and father of three children, he lives in B\u00e9tera and works as an administrative worker in a small company. H<\/span><span>e is a member of the literary group El Cuaderno Rojo.<\/span><\/p>\n<p><span>In 2017 he published his first novel, <em>Esclavos del honor<\/em> with Ediciones B. It narrates the epic of the siege of Baler and how a handful of Spanish soldiers resisted the enemy for a year in the middle of the Spanish-American war.<\/span><\/p>\n<p><span>He was a student in the creative literature course of Santiago Posteguillo and Antonio Penad\u00e9s. In a class full of magic and passion, surrounded by strangers who soon became friends, he learned the basic ins and outs of the art of writing. <\/span><span>He has published a dozen stories in different anthologies. While documenting for Esclavos del honor, in addition to participating in new literary creation workshops, he smeared hundreds of pages, creating stories, diaries and other delusions.<\/span><\/p>\n<p><span>La <em>Carcoma Manola23<\/em> is one of those stories that BocaAbajoEdiciones now publishes.<\/span><\/p>\n<\/blockquote>\n<p>[\/et_pb_cta][\/et_pb_column][\/et_pb_row][\/et_pb_section][et_pb_section fb_built=&#8221;1&#8243; admin_label=&#8221;Nuestros cuentos: titulo&#8221; _builder_version=&#8221;4.16&#8243; background_color=&#8221;rgba(128,170,204,0.76)&#8221; background_enable_image=&#8221;off&#8221; background_size=&#8221;contain&#8221; background_position=&#8221;bottom_center&#8221; custom_padding=&#8221;0px|0px|0px|0px||&#8221; box_shadow_style=&#8221;preset6&#8243; collapsed=&#8221;on&#8221; global_colors_info=&#8221;{}&#8221;][et_pb_row admin_label=&#8221;Title Area&#8221; _builder_version=&#8221;4.16&#8243; custom_padding=&#8221;|||&#8221; locked=&#8221;off&#8221; global_colors_info=&#8221;{}&#8221;][et_pb_column type=&#8221;4_4&#8243; _builder_version=&#8221;4.16&#8243; custom_padding=&#8221;|||&#8221; global_colors_info=&#8221;{}&#8221; custom_padding__hover=&#8221;|||&#8221;][et_pb_text admin_label=&#8221;Title&#8221; _builder_version=&#8221;4.16&#8243; text_font=&#8221;||||||||&#8221; header_font=&#8221;||||||||&#8221; header_2_font=&#8221;Alice||||||||&#8221; header_2_text_align=&#8221;center&#8221; header_2_font_size=&#8221;42px&#8221; header_2_line_height=&#8221;1.3em&#8221; custom_margin=&#8221;||20px|&#8221; animation_style=&#8221;slide&#8221; animation_direction=&#8221;top&#8221; animation_intensity_slide=&#8221;30%&#8221; animation_starting_opacity=&#8221;100%&#8221; header_2_font_size_tablet=&#8221;30px&#8221; header_2_font_size_phone=&#8221;20px&#8221; header_2_font_size_last_edited=&#8221;on|phone&#8221; global_colors_info=&#8221;{}&#8221;]<\/p>\n<h2>Our ilustrators<\/h2>\n<p>[\/et_pb_text][et_pb_text _builder_version=&#8221;4.16&#8243; text_font_size=&#8221;17px&#8221; text_line_height=&#8221;1.9em&#8221; header_3_font=&#8221;|600|||||||&#8221; header_3_text_align=&#8221;center&#8221; header_3_line_height=&#8221;1.6em&#8221; min_height=&#8221;41px&#8221; custom_margin=&#8221;||-3px|||&#8221; custom_padding=&#8221;0px|||||&#8221; global_colors_info=&#8221;{}&#8221;]<\/p>\n<p style=\"text-align: center;\">We are lucky to have artists that bring our tales to life.<\/p>\n<h3 style=\"text-align: center;\">About&#8230;<\/h3>\n<p>[\/et_pb_text][et_pb_blurb title=&#8221;Pia Lahti&#8221; _builder_version=&#8221;4.16&#8243; header_font=&#8221;|600|||||||&#8221; header_font_size=&#8221;20px&#8221; body_font_size=&#8221;16px&#8221; background_color=&#8221;rgba(255,255,255,0.5)&#8221; custom_padding=&#8221;20px||20px||false|false&#8221; box_shadow_style=&#8221;preset4&#8243; global_colors_info=&#8221;{}&#8221;]<\/p>\n<p><span lang=\"SV\">With a degree in English Philology from the University of Valencia, Pia Lahti is a Swedish illustrator who always had a passion for art. After a decade working as a teacher in Spain and Sweden, she decided to change the classrooms for paintbrushes. <\/span><span lang=\"SV\">She studied illustration at Berghs School of Communication in Stockholm (Sweden). In her first illustrated book, <i>La Carcoma Manola23<\/i>, she shows a cheerful and original drawing. With soft tones and kind lines, her creations will amuse both children and adults.<\/span><\/p>\n<p><span lang=\"SV\">To learn more about her work, you can follow her on Instagram: <a href=\"https:\/\/www.instagram.com\/pialahti_illustrator\" target=\"_blank\" rel=\"noopener\">@pialahti_illustrator<\/a><br \/><\/span><\/p>\n<p><a href=\"http:\/\/www.juvigalan.blogspot.com\" target=\"_blank\" rel=\"noopener noreferrer\" title=\"Link blog Juvitina Gal\u00e1n\"><\/a><\/p>\n<p>[\/et_pb_blurb][\/et_pb_column][\/et_pb_row][\/et_pb_section]<\/p>\n","protected":false},"excerpt":{"rendered":"<p>Illustrated StorybooksOur illustrated storybooks are a selection of little gems from great storytellers. Ra\u00fal Borr\u00e1s San Le\u00f3n and Juvitina Gal\u00e1n inaugurate it. The family grows.Our tales Susi, l&#8217;atrevida, i els pantalons. By Juvitina Gal\u00e1n. Although it sounds incredible, for decades, the women of many towns in our country did not wear pants; because the social [&hellip;]<\/p>\n","protected":false},"author":1,"featured_media":0,"parent":0,"menu_order":0,"comment_status":"closed","ping_status":"closed","template":"","meta":{"_et_pb_use_builder":"on","_et_pb_old_content":"","_et_gb_content_width":"","footnotes":""},"class_list":["post-1516","page","type-page","status-publish","hentry"],"_links":{"self":[{"href":"https:\/\/baediciones.com\/en\/wp-json\/wp\/v2\/pages\/1516","targetHints":{"allow":["GET"]}}],"collection":[{"href":"https:\/\/baediciones.com\/en\/wp-json\/wp\/v2\/pages"}],"about":[{"href":"https:\/\/baediciones.com\/en\/wp-json\/wp\/v2\/types\/page"}],"author":[{"embeddable":true,"href":"https:\/\/baediciones.com\/en\/wp-json\/wp\/v2\/users\/1"}],"replies":[{"embeddable":true,"href":"https:\/\/baediciones.com\/en\/wp-json\/wp\/v2\/comments?post=1516"}],"version-history":[{"count":60,"href":"https:\/\/baediciones.com\/en\/wp-json\/wp\/v2\/pages\/1516\/revisions"}],"predecessor-version":[{"id":2240,"href":"https:\/\/baediciones.com\/en\/wp-json\/wp\/v2\/pages\/1516\/revisions\/2240"}],"wp:attachment":[{"href":"https:\/\/baediciones.com\/en\/wp-json\/wp\/v2\/media?parent=1516"}],"curies":[{"name":"wp","href":"https:\/\/api.w.org\/{rel}","templated":true}]}}